{"id":1713,"date":"2021-08-30T17:40:40","date_gmt":"2021-08-30T16:40:40","guid":{"rendered":"https:\/\/soenfuste.pt\/?page_id=1713"},"modified":"2022-02-03T15:05:43","modified_gmt":"2022-02-03T15:05:43","slug":"politica-de-privacidade","status":"publish","type":"page","link":"https:\/\/soenfuste.pt\/en\/politica-de-privacidade\/","title":{"rendered":"Privacy Policy"},"content":{"rendered":"<div class=\"wp-block-qubely-text qubely-block-7e7586\"><div class=\"qubely-block-text\"><div class=\"qubely-block-text-title-container  qubely-separator-position-top\"><div class=\"qubely-block-text-title-inner\"><h1 class=\"qubely-block-text-title\"><strong>Pol\u00edtica de Privacidade da<\/strong>\u00a0Soenfuste<\/h1><\/div><\/div><p class=\" translation-block\">This privacy and data treatment policy applies specifically and exclusively to the activity of <strong>Soenfuste<\/strong>, owner of the website <strong><a rel=\"noreferrer noopener\" href=\"https:\/\/soenfuste.pt\/en\/\" data-type=\"URL\" data-id=\"https:\/\/soenfuste.pt\/en\/\" target=\"_blank\">www.soenfuste.pt<\/a>,<\/strong> and expresses its full commitment to the <strong>processing of personal data<\/strong> that you transmit to us in accordance with the current <ins><a rel=\"noreferrer noopener\" href=\"https:\/\/soenfuste.pt\/en\/politica-de-privacidade\/\" data-type=\"URL\" data-id=\"https:\/\/soenfuste.pt\/en\/politica-de-privacidade\/\" target=\"_blank\"><strong>Privacy Policy<\/strong><\/a><\/ins> and <ins><strong><a href=\"https:\/\/soenfuste.pt\/en\/politica-de-cookies\/\" data-type=\"URL\" data-id=\"https:\/\/soenfuste.pt\/en\/politica-de-cookies\/\" target=\"_blank\" rel=\"noreferrer noopener\">Cookie Policy<\/a><\/strong><\/ins>, so we suggest that you read these policies carefully in order to assess whether you agree with them.<\/p><\/div><\/div>\n\n\n\n<div class=\"wp-block-qubely-text qubely-block-5eee71\"><div class=\"qubely-block-text\"><div class=\"qubely-block-text-title-container  qubely-separator-position-top\"><div class=\"qubely-block-text-title-inner\"><h2 class=\"qubely-block-text-title\"><strong><strong><strong>Dados recolhidos, respetivas finalidades e tratamento de dados<\/strong><\/strong><\/strong><\/h2><\/div><\/div><p>A\u00a0<strong>Soenfuste<\/strong>, atrav\u00e9s do website poder\u00e1\u00a0<strong>recolher dados pessoais<\/strong>\u00a0com as seguintes finalidades:<br><strong>1. <\/strong>Para atender \u00e0s solicita\u00e7\u00f5es ou pedidos realizados atrav\u00e9s do\u00a0<strong>website<\/strong>\u00a0e\u00a0<strong>e-mails<\/strong>;<br><strong>2. An\u00e1lise de funcionalidade e qualidade<\/strong>\u00a0dos nossos servi\u00e7os;<br><br>A\u00a0<strong>Soenfuste\u00a0n\u00e3o recolhe intencionalmente informa\u00e7\u00e3o pessoal de menores de 18 anos<\/strong>. Se detetar que recolhe, de forma involunt\u00e1ria, informa\u00e7\u00e3o pessoal de menores de 18 anos, a\u00a0<strong>Soenfuste\u00a0<\/strong>tomar\u00e1 as medidas necess\u00e1rias para eliminar a informa\u00e7\u00e3o o mais rapidamente poss\u00edvel, exceto se for obrigada pela legisla\u00e7\u00e3o aplic\u00e1vel a conserv\u00e1-la.<br><br>Em qualquer dos casos os direitos\u00a0<strong>ARCO (Acesso, Retifica\u00e7\u00e3o, Corre\u00e7\u00e3o, Oposi\u00e7\u00e3o)\u00a0<\/strong>previstos no\u00a0<strong>RGPD (Regulamento Geral de Prote\u00e7\u00e3o de Dados)<\/strong>\u00a0ser\u00e3o escrupulosamente respeitados, sendo que para o seu exerc\u00edcio dever\u00e1 remeter um e-mail para\u00a0<strong><a href=\"mailto:contacto@soenfuste.pt\" target=\"_blank\" rel=\"noreferrer noopener\">contacto@soenfuste.pt<\/a><\/strong>\u00a0informando detalhadamente a informa\u00e7\u00e3o ou a\u00e7\u00e3o que pretende que seja prestada ou realizada.<br><br>A\u00a0<strong>Soenfuste\u00a0<\/strong>\u00a0rev\u00ea frequentemente as suas\u00a0<strong>pol\u00edticas de recolha, armazenamento e<\/strong>\u00a0<strong>processamento de dados<\/strong>\u00a0para garantir que apenas recolhe, armazena e processa a informa\u00e7\u00e3o indispens\u00e1vel \u00e0 presta\u00e7\u00e3o ou melhoria dos servi\u00e7os.<br><br>No site\u00a0<a href=\"https:\/\/soenfuste.pt\/en\/\" target=\"_blank\" rel=\"noreferrer noopener\"><strong>www.soenfuste.pt<\/strong><\/a>\u00a0existe<strong>:<\/strong><br><strong>&#8211; Um formul\u00e1rio de contacto em que s\u00e3o solicitados os seguintes dados:<\/strong>\u00a0<strong><em>nome, telefone, e-mail, assunto, mensagem<\/em><\/strong>.<br>Estes dados ser\u00e3o recolhidos ap\u00f3s consentimento e autoriza\u00e7\u00e3o expressa por parte do utilizador, existindo para o efeito uma caixa de autoriza\u00e7\u00e3o que o utilizador dever\u00e1 assinalar. Os dados submetidos ser\u00e3o tratados e utilizados exclusivamente para efeitos de resposta \u00e0 comunica\u00e7\u00e3o que o utilizador submeter. Os dados recolhidos n\u00e3o ser\u00e3o transmitidos a terceiros, salvo em situa\u00e7\u00f5es relacionadas com imperativos legais.<br><br><strong>&#8211; Um formul\u00e1rio de pedido de or\u00e7amento em que s\u00e3o solicitados os seguintes dados:<\/strong>\u00a0<strong><em>empresa, cidade, nome, NIF, telefone, email, produto, quantidade, dimens\u00f5es, espessura, observa\u00e7\u00f5es.<\/em><\/strong><br>Estes dados ser\u00e3o recolhidos ap\u00f3s consentimento e autoriza\u00e7\u00e3o expressa por parte do utilizador, existindo para o efeito uma caixa de autoriza\u00e7\u00e3o que o utilizador dever\u00e1 assinalar. Os dados submetidos ser\u00e3o tratados e utilizados exclusivamente para efeitos de resposta \u00e0 comunica\u00e7\u00e3o que o utilizador submeter. Os dados recolhidos n\u00e3o ser\u00e3o transmitidos a terceiros, salvo em situa\u00e7\u00f5es relacionadas com imperativos legais.<\/p><\/div><\/div>\n\n\n\n<div class=\"wp-block-qubely-text qubely-block-62736e\"><div class=\"qubely-block-text\"><div class=\"qubely-block-text-title-container  qubely-separator-position-top\"><div class=\"qubely-block-text-title-inner\"><h2 class=\"qubely-block-text-title\"><strong><strong><strong><strong>Destinat\u00e1rio dos dados<\/strong><\/strong><\/strong><\/strong><\/h2><\/div><\/div><p>A\u00a0<strong>Soenfuste<\/strong>\u00a0poder\u00e1\u00a0<strong>subcontratar outras empresas<\/strong>\u00a0para a presta\u00e7\u00e3o de determinados servi\u00e7os, nomeadamente empresas de manuten\u00e7\u00e3o do website e outros servi\u00e7os digitais. Nestes casos, estas entidades poder\u00e3o necessitar de aceder a certa informa\u00e7\u00e3o e dados dos utilizadores. A\u00a0<strong>Soenfuste<\/strong>\u00a0garante que, nestes casos, estas entidades ter\u00e3o um\u00a0<strong>acesso limitado \u00e0 informa\u00e7\u00e3o dos utilizadores<\/strong>, restringido unicamente \u00e0queles dados necess\u00e1rios para a execu\u00e7\u00e3o das tarefas contratadas. Garante, ainda, que, caso se verifique esta subcontrata\u00e7\u00e3o, ser\u00e1 outorgado um\u00a0<strong>contrato<\/strong>\u00a0entre as partes no qual se\u00a0<strong>regular\u00e1 a prote\u00e7\u00e3o dos dados pessoais<\/strong>\u00a0e onde estas entidades se obrigar\u00e3o a n\u00e3o revelar, por qualquer forma, os dados pessoais, nem a utiliz\u00e1-los para fins distintos da presta\u00e7\u00e3o dos servi\u00e7os contratados.<br><br>Da mesma forma, a\u00a0<strong>Soenfuste<\/strong>\u00a0poder\u00e1\u00a0<strong>comunicar os seus dados pessoais<\/strong>, quando assim seja\u00a0<strong>determinado por lei<\/strong>, no \u00e2mbito de um processo judicial ou no \u00e2mbito de investiga\u00e7\u00f5es de atividades suspeitas.<br><br>A\u00a0<strong>transmiss\u00e3o de dados<\/strong>\u00a0a terceiros apenas poder\u00e1 ser feita ap\u00f3s a obten\u00e7\u00e3o do\u00a0<strong>consentimento<\/strong>\u00a0do detentor dos dados, a qual dever\u00e1 incluir a refer\u00eancia a todos os dados a transmitir que s\u00e3o autorizados, o fim a que se destina a sua ced\u00eancia e a identifica\u00e7\u00e3o do destinat\u00e1rio dessa mesma transmiss\u00e3o dos dados. Nestes casos, compete ao detentor dos dados pessoais assegurar-se que conhece e concorda com a\u00a0<strong>pol\u00edtica de prote\u00e7\u00e3o e tratamento de dados<\/strong>\u00a0da entidade que receber\u00e1 a informa\u00e7\u00e3o ap\u00f3s autoriza\u00e7\u00e3o.<\/p><\/div><\/div>\n\n\n\n<div class=\"wp-block-qubely-text qubely-block-a2ca1f\"><div class=\"qubely-block-text\"><div class=\"qubely-block-text-title-container  qubely-separator-position-top\"><div class=\"qubely-block-text-title-inner\"><h2 class=\"qubely-block-text-title\"><strong><strong><strong><strong><strong>Respons\u00e1vel pelo tratamento dos dados<\/strong><\/strong><\/strong><\/strong><\/strong><\/h2><\/div><\/div><p>A respons\u00e1vel pelo tratamento dos seus dados pessoais \u00e9 a\u00a0<strong>Soenfuste \u2013 Ind\u00fastria de Componentes para Cal\u00e7ado, Lda.<\/strong><br><br>O utilizador poder\u00e1 contactar a\u00a0<strong>Soenfuste<\/strong>\u00a0atrav\u00e9s dos meios indicados na sec\u00e7\u00e3o\u00a0<strong>\u201c<a href=\"https:\/\/soenfuste.pt\/en\/#contactos\" target=\"_blank\" rel=\"noreferrer noopener\">Contacts<\/a>\u201c<\/strong>.<\/p><\/div><\/div>\n\n\n\n<div class=\"wp-block-qubely-text qubely-block-c73867\"><div class=\"qubely-block-text\"><div class=\"qubely-block-text-title-container  qubely-separator-position-top\"><div class=\"qubely-block-text-title-inner\"><h2 class=\"qubely-block-text-title\"><strong><strong><strong><strong><strong><strong>Armazenamento de dados<\/strong><\/strong><\/strong><\/strong><\/strong><\/strong><\/h2><\/div><\/div><p>A\u00a0<strong>Soenfuste<\/strong>\u00a0guarda em\u00a0<strong>servidores<\/strong>\u00a0que se encontram em ambiente seguro, protegidos de acessos n\u00e3o autorizados, uso ou divulga\u00e7\u00e3o, os\u00a0<strong>dados pessoais<\/strong>\u00a0que o utilizador fornece. A\u00a0<strong>Soenfuste<\/strong>\u00a0adota os procedimentos t\u00e9cnicos, eletr\u00f3nicos e organizativos necess\u00e1rios e adequados a\u00a0<strong>garantir a seguran\u00e7a<\/strong>\u00a0dos seus dados pessoais e a\u00a0<strong>prevenir a sua perda, m\u00e1 utiliza\u00e7\u00e3o ou acesso indevido<\/strong>.<br><br>Os dados pessoais constantes de\u00a0<strong>documentos escritos<\/strong>\u00a0s\u00e3o\u00a0<strong>preservados e guardados<\/strong>\u00a0nas nossas\u00a0<strong>instala\u00e7\u00f5es\u00a0<\/strong>e protegidos de acessos n\u00e3o autorizados ou controlados por parte de terceiros.<br><br>A\u00a0<strong>\u00a0Soenfuste<\/strong>\u00a0adota os procedimentos adequados para garantir que a sua informa\u00e7\u00e3o \u00e9 certa, completa e atual, mas\u00a0<strong>depende do utilizador atualizar ou corrigir a sua informa\u00e7\u00e3o pessoal<\/strong>\u00a0quando necess\u00e1rio.<br><br>Uma vez que a recolha dos dados pessoais \u00e9 feita em\u00a0<strong>rede aberta (internet)<\/strong>, estes poder\u00e3o, eventualmente, circular na rede\u00a0<strong>sem condi\u00e7\u00f5es de seguran\u00e7a<\/strong>, podendo vir a ser visualizados e\/ou utilizados por terceiros n\u00e3o autorizados para o efeito, n\u00e3o obstante terem sido tomadas medidas de seguran\u00e7a apropriadas contra a destrui\u00e7\u00e3o, acidental ou n\u00e3o autorizada, e a perda acidental e tamb\u00e9m contra o acesso, a modifica\u00e7\u00e3o ou a difus\u00e3o n\u00e3o autorizada.<br><br>A\u00a0<strong>\u00a0Soenfuste\u00a0<\/strong>n\u00e3o toma decis\u00f5es automatizadas.<\/p><\/div><\/div>\n\n\n\n<div class=\"wp-block-qubely-text qubely-block-d00147\"><div class=\"qubely-block-text\"><div class=\"qubely-block-text-title-container  qubely-separator-position-top\"><div class=\"qubely-block-text-title-inner\"><h2 class=\"qubely-block-text-title\"><strong><strong><strong><strong><strong><strong><strong>Direitos do utilizador (Direitos ARCO)<\/strong><\/strong><\/strong><\/strong><\/strong><\/strong><\/strong><\/h2><\/div><\/div><p>De acordo com a legisla\u00e7\u00e3o aplic\u00e1vel, a\u00a0<strong>\u00a0Soenfuste\u00a0<\/strong>compromete-se a respeitar a confidencialidade da sua informa\u00e7\u00e3o de car\u00e1ter pessoal e garantir o exerc\u00edcio dos seus direitos, nomeadamente:<br><br><strong>1. Direito a ser informado:<\/strong>\u00a0o utilizador tem direito a obter informa\u00e7\u00e3o clara, transparente e compreens\u00edvel sobre a forma como a\u00a0<strong>Soenfuste<\/strong>\u00a0usa os seus dados pessoais.<br><strong>2. Direito de acesso:<\/strong>\u00a0em complemento ao direito de informa\u00e7\u00e3o, poder\u00e1 solicitar o acesso aos seus dados pessoais que tratamos e conservamos. Para o efeito, dever\u00e1 entrar em contacto com a\u00a0<strong>Soenfuste<\/strong>\u00a0atrav\u00e9s do endere\u00e7o de e-mail\u00a0<strong><a href=\"mailto:contacto@soenfuste.pt\" target=\"_blank\" rel=\"noreferrer noopener\">contacto@soenfuste.pt<\/a><\/strong>. Neste seguimento, o endere\u00e7o de e-mail que utilizar para entrar em contacto com a\u00a0<strong>Soenfuste<\/strong>\u00a0ser\u00e1 utilizado exclusivamente para resposta ao pedido a n\u00f3s dirigido. A\u00a0<strong>Soenfuste<\/strong>\u00a0facultar-lhe-\u00e1 uma c\u00f3pia dos dados pessoais que s\u00e3o objeto de tratamento.<br><strong>3. Direito de retifica\u00e7\u00e3o:<\/strong>\u00a0tem direito a retificar os seus dados pessoais se os mesmos estiverem incorretos, desatualizados ou se pretender complet\u00e1-los. Para o efeito, dever\u00e1 entrar em contacto com a\u00a0<strong>Soenfuste<\/strong>\u00a0atrav\u00e9s do endere\u00e7o de e-mail\u00a0<strong><a href=\"mailto:contacto@soenfuste.pt\" target=\"_blank\" rel=\"noreferrer noopener\"><\/a><a href=\"mailto:contacto@soenfuste.pt\" target=\"_blank\" rel=\"noreferrer noopener\">contacto@soenfuste.pt<\/a><\/strong>. Neste seguimento, o endere\u00e7o de e-mail que utilizar para entrar em contacto com a\u00a0<strong>Soenfuste<\/strong>\u00a0ser\u00e1 utilizado exclusivamente para resposta ao pedido a n\u00f3s dirigido.<br><strong>4. Direito de elimina\u00e7\u00e3o\/direito a ser esquecido:<\/strong>\u00a0pode solicitar-nos que eliminemos os seus dados. Para o efeito, dever\u00e1 dirigir-nos esse pedido para o endere\u00e7o de e-mail\u00a0<strong><a href=\"mailto:contacto@soenfuste.pt\" target=\"_blank\" rel=\"noreferrer noopener\"><\/a><a href=\"mailto:contacto@soenfuste.pt\" target=\"_blank\" rel=\"noreferrer noopener\">contacto@soenfuste.pt<\/a><\/strong>. No entanto, por favor, tenha em considera\u00e7\u00e3o que este n\u00e3o \u00e9 um direito absoluto, uma vez que podemos ter fundamentos legais ou outros interesses leg\u00edtimos para a reten\u00e7\u00e3o dos seus dados pessoais.<br><strong>5. Direito de oposi\u00e7\u00e3o, incluindo a marketing direto:<\/strong>\u00a0o utilizador poder\u00e1, a qualquer momento, cancelar a sua subscri\u00e7\u00e3o da newsletter, sendo que ser\u00e1 disponibilizado em cada newsletter um bot\u00e3o para esse efeito. Este pedido poder\u00e1, ainda, ser-nos dirigido por telefone, e-mail ou via website.<br><strong>6. Direito de, a qualquer momento, retirar o seu consentimento para o tratamento de dados:<\/strong>\u00a0pode retirar o seu consentimento ao tratamento de dados quando o referido tratamento for baseado no seu consentimento. A retirada de consentimento n\u00e3o afeta a legalidade do tratamento baseado no consentimento antes da respetiva retirada.<br><strong>7. Direito \u00e0 portabilidade dos dados:<\/strong>\u00a0tem o direito de mover, copiar ou transferir os dados da nossa base de dados para outra.<br><strong>8. Direito \u00e0 limita\u00e7\u00e3o do tratamento:<\/strong>\u00a0tem direito a solicitar a restri\u00e7\u00e3o do tratamento dos seus dados nas seguintes situa\u00e7\u00f5es: se contestar a exatid\u00e3o dos dados; se o tratamento for il\u00edcito e n\u00e3o quiser apagar os seus dados, mas apenas limit\u00e1-los; se os dados j\u00e1 n\u00e3o forem necess\u00e1rios \u00e0\u00a0<strong>Soenfuste<\/strong>, mas necess\u00e1rios ao utilizador ou se tiver exercido o direito de oposi\u00e7\u00e3o acima referido, durante o per\u00edodo de tempo em que a\u00a0<strong>Soenfuste<\/strong>\u00a0analisa se os seus interesses leg\u00edtimos para o tratamento prevalecem ou n\u00e3o sobre aquele direito.<\/p><\/div><\/div>\n\n\n\n<div class=\"wp-block-qubely-text qubely-block-5358a0\"><div class=\"qubely-block-text\"><div class=\"qubely-block-text-title-container  qubely-separator-position-top\"><div class=\"qubely-block-text-title-inner\"><h2 class=\"qubely-block-text-title\"><strong><strong><strong><strong><strong><strong><strong>Tempo durante o qual armazenamos os dados<\/strong><\/strong><\/strong><\/strong><\/strong><\/strong><\/strong><\/h2><\/div><\/div><p>S\u00f3 guardamos os dados pessoais pelo\u00a0<strong>tempo necess\u00e1rio<\/strong>\u00a0para atingir a finalidade para a qual os mesmos foram recolhidos, para responder \u00e0s suas necessidades ou para cumprir com as nossas obriga\u00e7\u00f5es legais.<br><br>Para determinar o per\u00edodo pelo qual guardamos os seus dados, usamos os crit\u00e9rios referidos infra. Caso se apliquem v\u00e1rios crit\u00e9rios simultaneamente, conservaremos os seus dados pessoais nos termos do crit\u00e9rio que implicar a conserva\u00e7\u00e3o dos seus\u00a0<strong>dados pessoais\u00a0<\/strong>pelo maior per\u00edodo de tempo.<br><br><strong>1. <\/strong>Quando nos\u00a0<strong>contactar para colocar quest\u00f5es<\/strong>, conservaremos os seus dados pessoais pelo per\u00edodo de tempo necess\u00e1rio para resolver a sua quest\u00e3o;<br><strong>2. <\/strong>Quando tenha consentido o\u00a0<strong>envio da newsletter<\/strong>, conservaremos os seus dados pessoais at\u00e9 que anule a subscri\u00e7\u00e3o ou nos pe\u00e7a para a eliminar;<br><strong>3. <\/strong>Conservaremos os seus dados pelo per\u00edodo de tempo previsto na\u00a0<strong>legisla\u00e7\u00e3o aplic\u00e1vel<\/strong>\u00a0ou at\u00e9 que o prop\u00f3sito espec\u00edfico aplic\u00e1vel a determinados dados deixe de existir.<br><br>Em qualquer uma das referidas situa\u00e7\u00f5es, caso exista\u00a0<strong>processo judicial ou contraordenacional pendente<\/strong>, os dados ser\u00e3o conservados ainda durante o per\u00edodo de dura\u00e7\u00e3o do processo e at\u00e9 seis meses ap\u00f3s o tr\u00e2nsito em julgado de decis\u00e3o que venha a ser proferida.<br><br>Podemos\u00a0<strong>reter<\/strong>\u00a0ainda alguns dos seus\u00a0<strong>dados pessoais<\/strong>\u00a0na medida em que seja necess\u00e1rio para cumprirmos as nossas\u00a0<strong>obriga\u00e7\u00f5es legais<\/strong>, bem como para gerir ou fazer valer os nossos direitos, designadamente atrav\u00e9s do recurso \u00e0 via judicial.<br><br>Findados os prazos de conserva\u00e7\u00e3o acima referidos, os\u00a0<strong>dados pessoais ser\u00e3o eliminados<\/strong>\u00a0de forma segura.<\/p><\/div><\/div>\n\n\n\n<div class=\"wp-block-qubely-text qubely-block-a39682\"><div class=\"qubely-block-text\"><div class=\"qubely-block-text-title-container  qubely-separator-position-top\"><div class=\"qubely-block-text-title-inner\"><h2 class=\"qubely-block-text-title\"><strong><strong><strong><strong><strong><strong><strong><strong>Garantias<\/strong><\/strong><\/strong><\/strong><\/strong><\/strong><\/strong><\/strong><\/h2><\/div><\/div><p>O\u00a0<strong>titular dos dados<\/strong>\u00a0garante que os\u00a0<strong>dados pessoais<\/strong>\u00a0comunicados \u00e0\u00a0<strong>Soenfuste\u00a0<\/strong>s\u00e3o certos e exatos e compromete-se a notificar qualquer altera\u00e7\u00e3o ou modifica\u00e7\u00e3o aos mesmos e assume\u00a0<strong>responsabilidade exclusiva<\/strong>\u00a0pelas perdas e danos causados pela comunica\u00e7\u00e3o err\u00f3nea, inexata ou incompleta dos dados.<br><br>O\u00a0<strong>titular dos dados<\/strong>\u00a0fica expressamente advertido que ao revelar\u00a0<strong>dados pessoais<\/strong>\u00a0em meios p\u00fablicos da\u00a0<strong>Soenfuste<\/strong>\u00a0como o\u00a0<strong>Facebook<\/strong>, esta informa\u00e7\u00e3o poder\u00e1 ser vista e utilizada por terceiros. A\u00a0<strong>Soenfuste<\/strong>\u00a0n\u00e3o l\u00ea nenhuma comunica\u00e7\u00e3o pessoal publicada nas p\u00e1ginas web pr\u00f3prias dos seus visitantes.<br><br>A\u00a0<strong>Soenfuste<\/strong>\u00a0reserva-se o direito de\u00a0<strong>modificar a\u00a0<a href=\"https:\/\/paginasenarrativas.pt\/politica-de-privacidade\/\" target=\"_blank\" rel=\"noreferrer noopener\"><\/a><a href=\"https:\/\/soenfuste.pt\/en\/politica-de-privacidade\/\" target=\"_blank\" rel=\"noreferrer noopener\"><strong>Privacy Policy<\/strong><\/a><\/strong>\u00a0em fun\u00e7\u00e3o de novas exig\u00eancias legais e\/ou regulamentares, por motivos de seguran\u00e7a ou com a finalidade de adaptar a referida Pol\u00edtica \u00e0s instru\u00e7\u00f5es das autoridades de controlo em mat\u00e9ria de prote\u00e7\u00e3o de dados.<br><br>A\u00a0<strong>Soenfuste<\/strong>\u00a0manifesta o seu firme compromisso de\u00a0<strong>cumprir a legisla\u00e7\u00e3o<\/strong>\u00a0em vigor em cada momento e de tratar os seus dados pessoais em conformidade com a presente\u00a0<strong><a href=\"https:\/\/paginasenarrativas.pt\/politica-de-privacidade\/\" target=\"_blank\" rel=\"noreferrer noopener\"><\/a><a href=\"https:\/\/soenfuste.pt\/en\/politica-de-privacidade\/\" target=\"_blank\" rel=\"noreferrer noopener\"><strong>Privacy Policy<\/strong><\/a><\/strong>.<\/p><\/div><\/div>\n\n\n\n<div class=\"wp-block-qubely-text qubely-block-d3cdd4\"><div class=\"qubely-block-text\"><div class=\"qubely-block-text-title-container  qubely-separator-position-top\"><div class=\"qubely-block-text-title-inner\"><h2 class=\"qubely-block-text-title\"><strong><strong><strong><strong><strong><strong><strong><strong><strong>Quebras de seguran\u00e7a<\/strong><\/strong><\/strong><\/strong><\/strong><\/strong><\/strong><\/strong><\/strong><\/h2><\/div><\/div><p>A\u00a0<strong>Soenfuste<\/strong>\u00a0monitoriza de forma continuada as suas\u00a0<strong>pol\u00edticas de seguran\u00e7a e prote\u00e7\u00e3o de dados<\/strong>. Se por algum motivo se verificar uma quebra de seguran\u00e7a efetiva ou potencial ser\u00e3o adotadas as seguintes medidas:<br><br><strong>1. Comunica\u00e7\u00e3o imediata<\/strong>\u00a0aos detentores dos dados afetados ou potencialmente afetados pela quebra de seguran\u00e7a;<br><strong>2. Comunica\u00e7\u00e3o imediata<\/strong>\u00a0\u00e0s autoridades competentes;<br><strong>3. Conten\u00e7\u00e3o imediata<\/strong>\u00a0da quebra de seguran\u00e7a;<br><strong>4. Identifica\u00e7\u00e3o dos motivos<\/strong>\u00a0para a quebra de seguran\u00e7a e implementa\u00e7\u00e3o das solu\u00e7\u00f5es adequadas para a sua resolu\u00e7\u00e3o imediata.<\/p><\/div><\/div>","protected":false},"excerpt":{"rendered":"","protected":false},"author":1,"featured_media":0,"parent":0,"menu_order":3,"comment_status":"closed","ping_status":"closed","template":"","meta":{"qubely_global_settings":"","qubely_interactions":""},"blocksy_meta":{"styles_descriptor":{"styles":{"desktop":"","tablet":"","mobile":""},"google_fonts":[]}},"featured_image_urls":{"full":"","thumbnail":"","medium":"","medium_large":"","large":"","1536x1536":"","2048x2048":"","trp-custom-language-flag":"","qubely_landscape":"","qubely_portrait":"","qubely_thumbnail":""},"post_excerpt_stackable":"<p>Pol\u00edtica de Privacidade da\u00a0SoenfusteEsta pol\u00edtica de privacidade e tratamento de dados aplica-se especifica e exclusivamente \u00e0 atividade da\u00a0Soenfuste,\u00a0propriet\u00e1ria do website\u00a0www.soenfuste.pt,\u00a0e manifesta o seu total compromisso no\u00a0tratamento de dados pessoais\u00a0que nos transmitir em conformidade com a\u00a0Pol\u00edtica de Privacidade\u00a0e a\u00a0Pol\u00edtica de Cookies\u00a0vigente a cada momento, pelo que sugerimos que leia atentamente as referidas pol\u00edticas de modo a avaliar se est\u00e1 de acordo com as mesmas. Dados recolhidos, respetivas finalidades e tratamento de dadosA\u00a0Soenfuste, atrav\u00e9s do website poder\u00e1\u00a0recolher dados pessoais\u00a0com as seguintes finalidades:1. Para atender \u00e0s solicita\u00e7\u00f5es ou pedidos realizados atrav\u00e9s do\u00a0website\u00a0e\u00a0e-mails;2. An\u00e1lise de funcionalidade e qualidade\u00a0dos nossos servi\u00e7os;A\u00a0Soenfuste\u00a0n\u00e3o recolhe intencionalmente informa\u00e7\u00e3o pessoal&hellip;<\/p>\n","category_list":"","author_info":{"name":"Soenfuste","url":"https:\/\/soenfuste.pt\/en\/author\/sf_wpuser\/"},"comments_num":"0 comments","featured_image_urls_v2":{"full":"","thumbnail":"","medium":"","medium_large":"","large":"","1536x1536":"","2048x2048":"","trp-custom-language-flag":"","qubely_landscape":"","qubely_portrait":"","qubely_thumbnail":""},"post_excerpt_stackable_v2":"<p>Pol\u00edtica de Privacidade da\u00a0SoenfusteEsta pol\u00edtica de privacidade e tratamento de dados aplica-se especifica e exclusivamente \u00e0 atividade da\u00a0Soenfuste,\u00a0propriet\u00e1ria do website\u00a0www.soenfuste.pt,\u00a0e manifesta o seu total compromisso no\u00a0tratamento de dados pessoais\u00a0que nos transmitir em conformidade com a\u00a0Pol\u00edtica de Privacidade\u00a0e a\u00a0Pol\u00edtica de Cookies\u00a0vigente a cada momento, pelo que sugerimos que leia atentamente as referidas pol\u00edticas de modo a avaliar se est\u00e1 de acordo com as mesmas. Dados recolhidos, respetivas finalidades e tratamento de dadosA\u00a0Soenfuste, atrav\u00e9s do website poder\u00e1\u00a0recolher dados pessoais\u00a0com as seguintes finalidades:1. Para atender \u00e0s solicita\u00e7\u00f5es ou pedidos realizados atrav\u00e9s do\u00a0website\u00a0e\u00a0e-mails;2. An\u00e1lise de funcionalidade e qualidade\u00a0dos nossos servi\u00e7os;A\u00a0Soenfuste\u00a0n\u00e3o recolhe intencionalmente informa\u00e7\u00e3o pessoal&hellip;<\/p>\n","category_list_v2":"","author_info_v2":{"name":"Soenfuste","url":"https:\/\/soenfuste.pt\/en\/author\/sf_wpuser\/"},"comments_num_v2":"0 comments","yoast_head":"<!-- This site is optimized with the Yoast SEO plugin v20.11 - https:\/\/yoast.com\/wordpress\/plugins\/seo\/ -->\n<title>Pol\u00edtica de Privacidade | SOENFUSTE<\/title>\n<meta name=\"robots\" content=\"index, follow, max-snippet:-1, max-image-preview:large, max-video-preview:-1\" \/>\n<link rel=\"canonical\" href=\"https:\/\/soenfuste.pt\/en\/politica-de-privacidade\/\" \/>\n<meta property=\"og:locale\" content=\"en_US\" \/>\n<meta property=\"og:type\" content=\"article\" \/>\n<meta property=\"og:title\" content=\"Pol\u00edtica de Privacidade | SOENFUSTE\" \/>\n<meta property=\"og:url\" content=\"https:\/\/soenfuste.pt\/en\/politica-de-privacidade\/\" \/>\n<meta property=\"og:site_name\" content=\"SOENFUSTE\" \/>\n<meta property=\"article:modified_time\" content=\"2022-02-03T15:05:43+00:00\" \/>\n<meta name=\"twitter:card\" content=\"summary_large_image\" \/>\n<meta name=\"twitter:label1\" content=\"Est. reading time\" \/>\n\t<meta name=\"twitter:data1\" content=\"8 minutes\" \/>\n<script type=\"application\/ld+json\" class=\"yoast-schema-graph\">{\"@context\":\"https:\/\/schema.org\",\"@graph\":[{\"@type\":\"WebPage\",\"@id\":\"https:\/\/soenfuste.pt\/politica-de-privacidade\/\",\"url\":\"https:\/\/soenfuste.pt\/politica-de-privacidade\/\",\"name\":\"Pol\u00edtica de Privacidade | SOENFUSTE\",\"isPartOf\":{\"@id\":\"https:\/\/soenfuste.pt\/#website\"},\"datePublished\":\"2021-08-30T16:40:40+00:00\",\"dateModified\":\"2022-02-03T15:05:43+00:00\",\"breadcrumb\":{\"@id\":\"https:\/\/soenfuste.pt\/politica-de-privacidade\/#breadcrumb\"},\"inLanguage\":\"en-US\",\"potentialAction\":[{\"@type\":\"ReadAction\",\"target\":[\"https:\/\/soenfuste.pt\/politica-de-privacidade\/\"]}]},{\"@type\":\"BreadcrumbList\",\"@id\":\"https:\/\/soenfuste.pt\/politica-de-privacidade\/#breadcrumb\",\"itemListElement\":[{\"@type\":\"ListItem\",\"position\":1,\"name\":\"In\u00edcio\",\"item\":\"https:\/\/soenfuste.pt\/\"},{\"@type\":\"ListItem\",\"position\":2,\"name\":\"Pol\u00edtica de Privacidade\"}]},{\"@type\":\"WebSite\",\"@id\":\"https:\/\/soenfuste.pt\/#website\",\"url\":\"https:\/\/soenfuste.pt\/\",\"name\":\"SOENFUSTE\",\"description\":\"Fabrico de Almas para Cal\u00e7ado\",\"publisher\":{\"@id\":\"https:\/\/soenfuste.pt\/#organization\"},\"potentialAction\":[{\"@type\":\"SearchAction\",\"target\":{\"@type\":\"EntryPoint\",\"urlTemplate\":\"https:\/\/soenfuste.pt\/?s={search_term_string}\"},\"query-input\":\"required name=search_term_string\"}],\"inLanguage\":\"en-US\"},{\"@type\":\"Organization\",\"@id\":\"https:\/\/soenfuste.pt\/#organization\",\"name\":\"Soenfuste\",\"url\":\"https:\/\/soenfuste.pt\/\",\"logo\":{\"@type\":\"ImageObject\",\"inLanguage\":\"en-US\",\"@id\":\"https:\/\/soenfuste.pt\/#\/schema\/logo\/image\/\",\"url\":\"https:\/\/soenfuste.pt\/wp-content\/uploads\/2021\/08\/logo-preto-2021.png\",\"contentUrl\":\"https:\/\/soenfuste.pt\/wp-content\/uploads\/2021\/08\/logo-preto-2021.png\",\"width\":372,\"height\":103,\"caption\":\"Soenfuste\"},\"image\":{\"@id\":\"https:\/\/soenfuste.pt\/#\/schema\/logo\/image\/\"}}]}<\/script>\n<!-- \/ Yoast SEO plugin. -->","yoast_head_json":{"title":"Pol\u00edtica de Privacidade | SOENFUSTE","robots":{"index":"index","follow":"follow","max-snippet":"max-snippet:-1","max-image-preview":"max-image-preview:large","max-video-preview":"max-video-preview:-1"},"canonical":"https:\/\/soenfuste.pt\/en\/politica-de-privacidade\/","og_locale":"en_US","og_type":"article","og_title":"Pol\u00edtica de Privacidade | SOENFUSTE","og_url":"https:\/\/soenfuste.pt\/en\/politica-de-privacidade\/","og_site_name":"SOENFUSTE","article_modified_time":"2022-02-03T15:05:43+00:00","twitter_card":"summary_large_image","twitter_misc":{"Est. reading time":"8 minutes"},"schema":{"@context":"https:\/\/schema.org","@graph":[{"@type":"WebPage","@id":"https:\/\/soenfuste.pt\/politica-de-privacidade\/","url":"https:\/\/soenfuste.pt\/politica-de-privacidade\/","name":"Pol\u00edtica de Privacidade | SOENFUSTE","isPartOf":{"@id":"https:\/\/soenfuste.pt\/#website"},"datePublished":"2021-08-30T16:40:40+00:00","dateModified":"2022-02-03T15:05:43+00:00","breadcrumb":{"@id":"https:\/\/soenfuste.pt\/politica-de-privacidade\/#breadcrumb"},"inLanguage":"en-US","potentialAction":[{"@type":"ReadAction","target":["https:\/\/soenfuste.pt\/politica-de-privacidade\/"]}]},{"@type":"BreadcrumbList","@id":"https:\/\/soenfuste.pt\/politica-de-privacidade\/#breadcrumb","itemListElement":[{"@type":"ListItem","position":1,"name":"In\u00edcio","item":"https:\/\/soenfuste.pt\/"},{"@type":"ListItem","position":2,"name":"Pol\u00edtica de Privacidade"}]},{"@type":"WebSite","@id":"https:\/\/soenfuste.pt\/#website","url":"https:\/\/soenfuste.pt\/","name":"SOENFUSTE","description":"Fabrico de Almas para Cal\u00e7ado","publisher":{"@id":"https:\/\/soenfuste.pt\/#organization"},"potentialAction":[{"@type":"SearchAction","target":{"@type":"EntryPoint","urlTemplate":"https:\/\/soenfuste.pt\/?s={search_term_string}"},"query-input":"required name=search_term_string"}],"inLanguage":"en-US"},{"@type":"Organization","@id":"https:\/\/soenfuste.pt\/#organization","name":"Soenfuste","url":"https:\/\/soenfuste.pt\/","logo":{"@type":"ImageObject","inLanguage":"en-US","@id":"https:\/\/soenfuste.pt\/#\/schema\/logo\/image\/","url":"https:\/\/soenfuste.pt\/wp-content\/uploads\/2021\/08\/logo-preto-2021.png","contentUrl":"https:\/\/soenfuste.pt\/wp-content\/uploads\/2021\/08\/logo-preto-2021.png","width":372,"height":103,"caption":"Soenfuste"},"image":{"@id":"https:\/\/soenfuste.pt\/#\/schema\/logo\/image\/"}}]}},"_links":{"self":[{"href":"https:\/\/soenfuste.pt\/en\/wp-json\/wp\/v2\/pages\/1713"}],"collection":[{"href":"https:\/\/soenfuste.pt\/en\/wp-json\/wp\/v2\/pages"}],"about":[{"href":"https:\/\/soenfuste.pt\/en\/wp-json\/wp\/v2\/types\/page"}],"author":[{"embeddable":true,"href":"https:\/\/soenfuste.pt\/en\/wp-json\/wp\/v2\/users\/1"}],"replies":[{"embeddable":true,"href":"https:\/\/soenfuste.pt\/en\/wp-json\/wp\/v2\/comments?post=1713"}],"version-history":[{"count":48,"href":"https:\/\/soenfuste.pt\/en\/wp-json\/wp\/v2\/pages\/1713\/revisions"}],"predecessor-version":[{"id":2108,"href":"https:\/\/soenfuste.pt\/en\/wp-json\/wp\/v2\/pages\/1713\/revisions\/2108"}],"wp:attachment":[{"href":"https:\/\/soenfuste.pt\/en\/wp-json\/wp\/v2\/media?parent=1713"}],"curies":[{"name":"wp","href":"https:\/\/api.w.org\/{rel}","templated":true}]}}